{"id":24,"date":"2025-11-04T10:20:49","date_gmt":"2025-11-04T15:20:49","guid":{"rendered":"http:\/\/ccsp.wpdev0.koumbit.net\/?page_id=24"},"modified":"2026-01-30T09:47:27","modified_gmt":"2026-01-30T14:47:27","slug":"home","status":"publish","type":"page","link":"https:\/\/ccsp.wpdev0.koumbit.net\/","title":{"rendered":"Accueil"},"content":{"rendered":"\n<div style=\"height:190px\" aria-hidden=\"true\" class=\"wp-block-spacer\"><\/div>\n\n\n<style>.kb-image24_adba51-c2 .kb-image-has-overlay:after{opacity:0.3;}.kb-image24_adba51-c2 img.kb-img, .kb-image24_adba51-c2 .kb-img img{box-shadow:0px 0px 0px 0px rgba(0, 0, 0, 0.2);object-position:50% 42%;}<\/style>\n<figure class=\"wp-block-kadence-image kb-image24_adba51-c2 size-large kb-image-is-ratio-size\"><div class=\"kb-is-ratio-image kb-image-ratio-land31\"><img loading=\"lazy\" decoding=\"async\" width=\"1024\" height=\"768\" src=\"http:\/\/ccsp.wpdev0.koumbit.net\/wp-content\/uploads\/2025\/11\/448682191_3824695737855329_5625327866414998887_n-1024x768.jpg\" alt=\"\" class=\"kb-img wp-image-6\" srcset=\"https:\/\/ccsp.wpdev0.koumbit.net\/wp-content\/uploads\/2025\/11\/448682191_3824695737855329_5625327866414998887_n-1024x768.jpg 1024w, https:\/\/ccsp.wpdev0.koumbit.net\/wp-content\/uploads\/2025\/11\/448682191_3824695737855329_5625327866414998887_n-300x225.jpg 300w, https:\/\/ccsp.wpdev0.koumbit.net\/wp-content\/uploads\/2025\/11\/448682191_3824695737855329_5625327866414998887_n-768x576.jpg 768w, https:\/\/ccsp.wpdev0.koumbit.net\/wp-content\/uploads\/2025\/11\/448682191_3824695737855329_5625327866414998887_n-1536x1152.jpg 1536w, https:\/\/ccsp.wpdev0.koumbit.net\/wp-content\/uploads\/2025\/11\/448682191_3824695737855329_5625327866414998887_n.jpg 1824w\" sizes=\"auto, (max-width: 1024px) 100vw, 1024px\" \/><\/div><\/figure>\n\n\n\n<div class=\"wp-block-columns is-layout-flex wp-container-core-columns-is-layout-28f84493 wp-block-columns-is-layout-flex\">\n<div class=\"wp-block-column has-ast-global-color-4-background-color has-background is-layout-flow wp-container-core-column-is-layout-8a368f38 wp-block-column-is-layout-flow\" style=\"border-style:none;border-width:0px;border-radius:0px\">\n<blockquote class=\"wp-block-quote is-layout-flow wp-block-quote-is-layout-flow\">\n<p><br>Le Carrefour communautaire Saint-Paul a \u00e9t\u00e9 fond\u00e9 en 1998 dans le quartier Saint-Paul, un secteur populaire de l\u2019arrondissement de Chicoutimi. C&rsquo;est pour mettre fin \u00e0 un cycle de d\u00e9structuration sociale dans le quartier, que le Carrefour communautaire St-Paul a d\u00e9ploy\u00e9 l&rsquo;Approche Territoriale Int\u00e9gr\u00e9e (ATI). \u00c9galement appel\u00e9e \u00ab approche de quartier \u00bb, cette m\u00e9thode guide nos interventions afin de relever les d\u00e9fis complexes du territoire de mani\u00e8re holistique et coordonn\u00e9e.<\/p>\n<\/blockquote>\n\n\n\n<div class=\"wp-block-group is-layout-constrained wp-block-group-is-layout-constrained\">\n<details class=\"wp-block-details is-layout-flow wp-block-details-is-layout-flow\"><summary>En misant sur une approche ax\u00e9e sur la nature et l&rsquo;\u00e9coute des besoins exprim\u00e9s par celle-ci, nous aidons la population \u00e0 devenir actrice de l&rsquo;am\u00e9lioration de sa propre qualit\u00e9 de vie. <\/summary>\n<blockquote class=\"wp-block-quote is-layout-flow wp-block-quote-is-layout-flow\">\n<p>\u00c0 partir d\u2019un lieu commun, le Carrefour communautaire St-Paul favorise le d\u00e9veloppement du milieu afin d\u2019augmenter la prise en charge, par la population concern\u00e9e (enfants, adolescents et adolescentes, adultes, a\u00een\u00e9-es\u2026), des actions susceptibles d\u2019am\u00e9liorer les conditions de vie. \u00bb<\/p>\n<\/blockquote>\n<\/details>\n<\/div>\n\n\n\n<p><\/p>\n<\/div>\n<\/div>\n\n\n\n<div class=\"wp-block-columns is-layout-flex wp-container-core-columns-is-layout-28f84493 wp-block-columns-is-layout-flex\">\n<div class=\"wp-block-column is-layout-flow wp-block-column-is-layout-flow\">\n<h3 class=\"wp-block-heading has-text-align-center\" style=\"border-top-color:var(--wp--preset--color--ast-global-color-7);border-top-width:3px;border-right-color:var(--wp--preset--color--ast-global-color-4);border-right-width:8px;border-bottom-color:var(--wp--preset--color--ast-global-color-4);border-bottom-width:8px;border-left-color:var(--wp--preset--color--ast-global-color-7);border-left-width:8px\">Animation de quartier<\/h3>\n\n\n\n<style scoped> iframe[data-tec-events-ece-iframe=\"true\"] { width: 100%; height: calc( 100vw + 100px ); max-width: 100%; } @media screen and (min-width: 600px) { iframe[data-tec-events-ece-iframe=\"true\"] { height: 100vw; } } @media screen and (min-width: 853px) { iframe[data-tec-events-ece-iframe=\"true\"] { height: 1065px; } } <\/style> <iframe data-tec-events-ece-iframe=\"true\" src=\"https:\/\/ccsp.wpdev0.koumbit.net\/index.php\/calendar-embed\/27hnnbSK0li\/embed\/\" frameborder=\"0\" ><\/iframe>\n<\/div>\n\n\n\n<div class=\"wp-block-column is-layout-flow wp-block-column-is-layout-flow\">\n<h3 class=\"wp-block-heading has-text-align-center\" style=\"border-top-color:var(--wp--preset--color--ast-global-color-4);border-top-width:8px;border-right-color:var(--wp--preset--color--ast-global-color-7);border-right-width:8px;border-bottom-color:var(--wp--preset--color--ast-global-color-7);border-bottom-width:3px;border-left-color:var(--wp--preset--color--ast-global-color-4);border-left-width:8px\">Centre de soir-Enfants<\/h3>\n\n\n\n<style scoped> iframe[data-tec-events-ece-iframe=\"true\"] { width: 100%; height: calc( 100vw + 100px ); max-width: 100%; } @media screen and (min-width: 600px) { iframe[data-tec-events-ece-iframe=\"true\"] { height: 100vw; } } @media screen and (min-width: 853px) { iframe[data-tec-events-ece-iframe=\"true\"] { height: 1065px; } } <\/style> <iframe data-tec-events-ece-iframe=\"true\" src=\"https:\/\/ccsp.wpdev0.koumbit.net\/index.php\/calendar-embed\/axwGN2oIstj\/embed\/\" frameborder=\"0\" ><\/iframe>\n<\/div>\n<\/div>\n\n\n\n<div style=\"height:100px\" aria-hidden=\"true\" class=\"wp-block-spacer\"><\/div>\n\n\n\n<div class=\"wp-block-columns has-ast-global-color-2-color has-ast-global-color-0-background-color has-text-color has-background has-link-color wp-elements-b7696ed7cef91ee5ce8e9863c4760332 is-layout-flex wp-container-core-columns-is-layout-28f84493 wp-block-columns-is-layout-flex\">\n<div class=\"wp-block-column has-ast-global-color-0-background-color has-background is-layout-flow wp-container-core-column-is-layout-a77db08e wp-block-column-is-layout-flow\" style=\"border-style:none;border-width:0px;border-radius:0px\">\n<p class=\"has-ast-global-color-7-color has-ast-global-color-0-background-color has-text-color has-background has-link-color wp-elements-ccfb73cc337c23d8525e3b8658007d31\"><strong>L&rsquo;Animation de quartier<\/strong> est un outil de d\u00e9veloppement destin\u00e9 aux citoyennes et citoyens de la communaut\u00e9. Ce domaine d&rsquo;action soutient les initiatives populaires visant \u00e0 promouvoir le d\u00e9veloppement du quartier et la participation citoyenne dans une perspective de transformation sociale pour l&rsquo;ensemble des membres de la communaut\u00e9.<\/p>\n\n\n\n<details class=\"wp-block-details has-ast-global-color-7-color has-ast-global-color-0-background-color has-text-color has-background has-link-color wp-elements-fb29e110d8a328671eed857b21a1cc96 is-layout-flow wp-block-details-is-layout-flow\"><summary> <strong>Le Centre de Soir-Enfants <\/strong>:Le Carrefour souhaite \u00e9galement privil\u00e9gier un espace d\u2019accueil et d\u2019expression d\u00e9di\u00e9 aux enfants de la communaut\u00e9, du lundi au jeudi entre 15 h 30 et 17 h 30.<\/summary>\n<p class=\"has-ast-global-color-7-color has-text-color has-link-color wp-elements-1d7ae349a4610ec2fced979fe1eb5f41\"><strong>Le Centre de Soir-Enfants <\/strong>est un service gratuit qui vise \u00e0 cr\u00e9er un environnement structurant et s\u00e9curisant, o\u00f9 des adultes responsables \u00e9tablissent des liens significatifs avec les jeunes. Ils les accompagnent et les soutiennent dans leur d\u00e9veloppement, tout en tenant compte de leur contexte environnant. Nous favorisons l\u2019approche \u00e9cole-famille-communaut\u00e9<\/p>\n<\/details>\n<\/div>\n<\/div>\n\n\n\n<p><\/p>\n\n\n\n<p><\/p>\n\n\n\n<div class=\"wp-block-group alignwide has-ast-global-color-7-background-color has-background is-layout-constrained wp-block-group-is-layout-constrained\">\n<div class=\"wp-block-columns alignfull has-border-color has-ast-global-color-7-border-color has-ast-global-color-7-background-color has-background is-layout-flex wp-container-core-columns-is-layout-28f84493 wp-block-columns-is-layout-flex\" style=\"border-width:30px\">\n<div class=\"wp-block-column is-vertically-aligned-stretch is-layout-flow wp-block-column-is-layout-flow\">\n<div class=\"wp-block-columns is-layout-flex wp-container-core-columns-is-layout-28f84493 wp-block-columns-is-layout-flex\">\n<div class=\"wp-block-column is-layout-flow wp-block-column-is-layout-flow\" style=\"flex-basis:100%\">\n<div class=\"wp-block-group is-layout-constrained wp-block-group-is-layout-constrained\">\n<div class=\"wp-block-columns is-layout-flex wp-container-core-columns-is-layout-28f84493 wp-block-columns-is-layout-flex\">\n<div class=\"wp-block-column is-layout-flow wp-block-column-is-layout-flow\" style=\"flex-basis:100%\">\n<div class=\"wp-block-columns is-layout-flex wp-container-core-columns-is-layout-28f84493 wp-block-columns-is-layout-flex\">\n<div class=\"wp-block-column is-vertically-aligned-stretch is-layout-flow wp-block-column-is-layout-flow\">\n<figure class=\"wp-block-image size-full is-resized\"><img loading=\"lazy\" decoding=\"async\" width=\"215\" height=\"60\" src=\"https:\/\/ccsp.wpdev0.koumbit.net\/wp-content\/uploads\/2026\/01\/logo-215x60-web-1.png\" alt=\"\" class=\"wp-image-548\" style=\"width:215px;height:auto\"\/><\/figure>\n<\/div>\n\n\n\n<div class=\"wp-block-column is-layout-flow wp-block-column-is-layout-flow\">\n<figure class=\"wp-block-image alignfull size-full\"><img loading=\"lazy\" decoding=\"async\" width=\"777\" height=\"419\" src=\"https:\/\/ccsp.wpdev0.koumbit.net\/wp-content\/uploads\/2026\/01\/rocld-logo-1-1.png\" alt=\"\" class=\"wp-image-549\" srcset=\"https:\/\/ccsp.wpdev0.koumbit.net\/wp-content\/uploads\/2026\/01\/rocld-logo-1-1.png 777w, https:\/\/ccsp.wpdev0.koumbit.net\/wp-content\/uploads\/2026\/01\/rocld-logo-1-1-300x162.png 300w, https:\/\/ccsp.wpdev0.koumbit.net\/wp-content\/uploads\/2026\/01\/rocld-logo-1-1-768x414.png 768w\" sizes=\"auto, (max-width: 777px) 100vw, 777px\" \/><\/figure>\n<\/div>\n\n\n\n<div class=\"wp-block-column is-layout-flow wp-block-column-is-layout-flow\">\n<figure class=\"wp-block-image aligncenter size-full\"><img loading=\"lazy\" decoding=\"async\" width=\"820\" height=\"312\" src=\"https:\/\/ccsp.wpdev0.koumbit.net\/wp-content\/uploads\/2026\/01\/2-1-1.png\" alt=\"\" class=\"wp-image-550\" srcset=\"https:\/\/ccsp.wpdev0.koumbit.net\/wp-content\/uploads\/2026\/01\/2-1-1.png 820w, https:\/\/ccsp.wpdev0.koumbit.net\/wp-content\/uploads\/2026\/01\/2-1-1-300x114.png 300w, https:\/\/ccsp.wpdev0.koumbit.net\/wp-content\/uploads\/2026\/01\/2-1-1-768x292.png 768w\" sizes=\"auto, (max-width: 820px) 100vw, 820px\" \/><\/figure>\n<\/div>\n<\/div>\n<\/div>\n<\/div>\n<\/div>\n<\/div>\n<\/div>\n<\/div>\n<\/div>\n\n\n\n<details class=\"wp-block-details is-layout-flow wp-block-details-is-layout-flow\"><summary>Le carrefour est \u00e9galement membre&#8230;<\/summary>\n<ul class=\"wp-block-list\">\n<li><strong>CDC du ROC<\/strong> (Corporation de d\u00e9veloppement communautaire)<\/li>\n\n\n\n<li><strong>Table de lutte contre la pauvret\u00e9 de Chicoutimi<\/strong><\/li>\n\n\n\n<li><strong>Table des a\u00een\u00e9s du Royaume<\/strong><\/li>\n\n\n\n<li><strong>Table de concertation en s\u00e9curit\u00e9 alimentaire de Chicoutimi<\/strong><\/li>\n\n\n\n<li><strong>TIREF<\/strong> (Table intersectorielle r\u00e9gionale en saines habitudes de vie)<\/li>\n<\/ul>\n<\/details>\n<\/div>\n\n\n\n<div style=\"height:65px\" aria-hidden=\"true\" class=\"wp-block-spacer\"><\/div>\n","protected":false},"excerpt":{"rendered":"<p>Le Carrefour communautaire Saint-Paul a \u00e9t\u00e9 fond\u00e9 en 1998 dans le quartier Saint-Paul, un secteur populaire de l\u2019arrondissement de Chicoutimi. C&rsquo;est pour mettre fin \u00e0 un cycle de d\u00e9structuration sociale [&hellip;]<\/p>\n","protected":false},"author":1,"featured_media":0,"parent":0,"menu_order":0,"comment_status":"closed","ping_status":"closed","template":"","meta":{"_acf_changed":false,"site-sidebar-layout":"no-sidebar","site-content-layout":"plain-container","ast-site-content-layout":"default","site-content-style":"default","site-sidebar-style":"default","ast-global-header-display":"","ast-banner-title-visibility":"","ast-main-header-display":"","ast-hfb-above-header-display":"","ast-hfb-below-header-display":"","ast-hfb-mobile-header-display":"","site-post-title":"disabled","ast-breadcrumbs-content":"","ast-featured-img":"","footer-sml-layout":"","ast-disable-related-posts":"","theme-transparent-header-meta":"enabled","adv-header-id-meta":"","stick-header-meta":"","header-above-stick-meta":"","header-main-stick-meta":"","header-below-stick-meta":"","astra-migrate-meta-layouts":"default","ast-page-background-enabled":"default","ast-page-background-meta":{"desktop":{"background-color":"var(--ast-global-color-5)","background-image":"","background-repeat":"repeat","background-position":"center center","background-size":"auto","background-attachment":"scroll","background-type":"","background-media":"","overlay-type":"","overlay-color":"","overlay-opacity":"","overlay-gradient":""},"tablet":{"background-color":"","background-image":"","background-repeat":"repeat","background-position":"center center","background-size":"auto","background-attachment":"scroll","background-type":"","background-media":"","overlay-type":"","overlay-color":"","overlay-opacity":"","overlay-gradient":""},"mobile":{"background-color":"","background-image":"","background-repeat":"repeat","background-position":"center center","background-size":"auto","background-attachment":"scroll","background-type":"","background-media":"","overlay-type":"","overlay-color":"","overlay-opacity":"","overlay-gradient":""}},"ast-content-background-meta":{"desktop":{"background-color":"var(--ast-global-color-4)","background-image":"","background-repeat":"repeat","background-position":"center center","background-size":"auto","background-attachment":"scroll","background-type":"","background-media":"","overlay-type":"","overlay-color":"","overlay-opacity":"","overlay-gradient":""},"tablet":{"background-color":"var(--ast-global-color-4)","background-image":"","background-repeat":"repeat","background-position":"center center","background-size":"auto","background-attachment":"scroll","background-type":"","background-media":"","overlay-type":"","overlay-color":"","overlay-opacity":"","overlay-gradient":""},"mobile":{"background-color":"var(--ast-global-color-4)","background-image":"","background-repeat":"repeat","background-position":"center center","background-size":"auto","background-attachment":"scroll","background-type":"","background-media":"","overlay-type":"","overlay-color":"","overlay-opacity":"","overlay-gradient":""}},"_EventAllDay":false,"_EventTimezone":"","_EventStartDate":"","_EventEndDate":"","_EventStartDateUTC":"","_EventEndDateUTC":"","_EventShowMap":false,"_EventShowMapLink":false,"_EventURL":"","_EventCost":"","_EventCostDescription":"","_EventCurrencySymbol":"","_EventCurrencyCode":"","_EventCurrencyPosition":"","_EventDateTimeSeparator":"","_EventTimeRangeSeparator":"","_EventOrganizerID":[],"_EventVenueID":[],"_OrganizerEmail":"","_OrganizerPhone":"","_OrganizerWebsite":"","_VenueAddress":"","_VenueCity":"","_VenueCountry":"","_VenueProvince":"","_VenueState":"","_VenueZip":"","_VenuePhone":"","_VenueURL":"","_VenueStateProvince":"","_VenueLat":"","_VenueLng":"","_VenueShowMap":false,"_VenueShowMapLink":false,"footnotes":""},"class_list":["post-24","page","type-page","status-publish","hentry"],"acf":[],"_links":{"self":[{"href":"https:\/\/ccsp.wpdev0.koumbit.net\/index.php\/wp-json\/wp\/v2\/pages\/24","targetHints":{"allow":["GET"]}}],"collection":[{"href":"https:\/\/ccsp.wpdev0.koumbit.net\/index.php\/wp-json\/wp\/v2\/pages"}],"about":[{"href":"https:\/\/ccsp.wpdev0.koumbit.net\/index.php\/wp-json\/wp\/v2\/types\/page"}],"author":[{"embeddable":true,"href":"https:\/\/ccsp.wpdev0.koumbit.net\/index.php\/wp-json\/wp\/v2\/users\/1"}],"replies":[{"embeddable":true,"href":"https:\/\/ccsp.wpdev0.koumbit.net\/index.php\/wp-json\/wp\/v2\/comments?post=24"}],"version-history":[{"count":85,"href":"https:\/\/ccsp.wpdev0.koumbit.net\/index.php\/wp-json\/wp\/v2\/pages\/24\/revisions"}],"predecessor-version":[{"id":756,"href":"https:\/\/ccsp.wpdev0.koumbit.net\/index.php\/wp-json\/wp\/v2\/pages\/24\/revisions\/756"}],"wp:attachment":[{"href":"https:\/\/ccsp.wpdev0.koumbit.net\/index.php\/wp-json\/wp\/v2\/media?parent=24"}],"curies":[{"name":"wp","href":"https:\/\/api.w.org\/{rel}","templated":true}]}}